{"id":143,"date":"2024-02-13T23:01:34","date_gmt":"2024-02-13T22:01:34","guid":{"rendered":"https:\/\/www.fupocan.org\/?page_id=143"},"modified":"2024-02-13T23:38:52","modified_gmt":"2024-02-13T22:38:52","slug":"x-reunion-de-especialistas-en-diagnostico-y-tratamiento-del-cancer-de-pulmon","status":"publish","type":"page","link":"https:\/\/www.fupocan.org\/?page_id=143","title":{"rendered":"X REUNI\u00d3N DE ESPECIALISTAS EN DIAGN\u00d3STICO Y TRATAMIENTO DEL C\u00c1NCER DE PULM\u00d3N"},"content":{"rendered":"\n\n<div>\n\n        \n\n<ul class=\"uk-subnav uk-subnav-pill uk-flex-center\" data-uk-switcher=\"{connect:'#wk-07b'}\">\n        <li><a href=\"\">Viernes, 8 de Marzo de 2024<\/a><\/li>\n        <li><a href=\"\">S\u00e1bado, 9 de Marzo de 2024<\/a><\/li>\n<\/ul>\n\n    \n    \n<ul id=\"wk-07b\" class=\"uk-switcher uk-text-left uk-margin-top\" data-uk-check-display>\n\n    \n    <li>\n        <div class=\"uk-panel\">\n\n            \n            \n            \n            \n                        <div class=\"uk-margin\"><div align=\"center\">\n    <table cellspacing=\"20px\" cellpadding=\"10px\" width=\"90%\">\n\t<tr>\n\t\t<td colspan=\"2\" valign=\"top\"><h3 style=\"color:#E01484; text-transform: uppercase\">VIERNES, 8<br \/>\n\t    marzo 2024<\/h3><\/td>\n\t<\/tr>\t\n\t<tr>\n\t\t<td width=\"18%\" valign=\"top\"><p style=\"color:#26348B; font-weight: bold;\">17.00 h<\/p><\/td>\n\t\t<td width=\"82%\" valign=\"top\"><p style=\"color:#26348B; text-transform: uppercase; font-weight: bold;\">Presentaci\u00f3n y bienvenida<\/p>\n      <\/td>\n<\/tr>\n<tr>\n\t\t<td width=\"18%\" valign=\"top\"><p style=\"color:#26348B; font-weight: bold;\">17.15 h<\/p><\/td>\n\t\t<td width=\"82%\" valign=\"top\"><p style=\"color:#26348B; text-transform: uppercase; font-weight: bold;\">GESTI\u00d3N DE LA CALIDAD EN EL DIAGN\u00d3STICO DE C\u00c1NCER DE PULM\u00d3N<\/p>\n<ul style=\"background-color: #26348B; color: #fff; padding-top: 5px; padding-bottom: 5px;\">\n\t<em>Moderadores:<\/em><br \/><br \/>\n\t<b>Almudena Garc\u00eda Casta\u00f1o.<\/b><br \/>Hospital Universitario Marqu\u00e9s de Valdecilla.<br \/><br \/>\n\t<b>Ihab Abdulkader.<\/b><br \/>Hospital Cl\u00ednico Universitario de Santiago.\n<\/ul>\n\t\t\t\n\t\t\t<ul><span style=\"color:#26348B\"><em>17.15 | 17.30 h<\/em><br \/>\n\t\t\t\tControles de calidad. Resultados Proyecto Ingenio.<\/span><br \/>\n\t\t\t\t<b>Dr. Javier Freire.<\/b><br \/>Hospital Universitario Marqu\u00e9s de Valdecilla.<br \/><br \/>\n\t\t\t\t\n\t\t\t\t<span style=\"color:#26348B\"><em>17.30 | 17.45 h<\/em><br \/>\n\t\t\t\t\u00bfSon importantes los tiempos en un proceso complejo?<\/span><br \/>\n\t\t\t\t<b>Dr. Ramiro \u00c1lvarez.<\/b><br \/>Hospital Universitario Miguel Servet.<br \/><br \/>\n\t\t\t\t\n\t\t\t\t<span style=\"color:#26348B\"><em>17.45 | 18.00 h<\/em><br \/>\n\t\t\t\tHomogeneidad en los informes.<\/span><br \/>\n\t\t\t\t<b>Dr. Javier Hern\u00e1ndez-Llosa.<\/b><br \/>Hospital Universitario Vall d\u2019Hebron.<br \/><br \/>\n\t\t\t\t\n\t\t\t\t<span style=\"color:#26348B\"><em>18.00 | 18.15 h<\/em><br \/>\n\t\t\t\tDesarrollo de la docencia.<\/span><br \/>\n\t\t\t\t<b>Dra. Esther Conde.<\/b><br \/>Hospital Universitario 12 de octubre.<br \/><br \/>\n\t\t\t\t\n\t\t\t\t<span style=\"color:#26348B\"><em>18.15 | 18.30 h<\/em><br \/>\n\t\t\t\tDiscusi\u00f3n<\/span>\n\t\t\t \n\t\t\t<\/ul>\n<\/td>\n<\/tr>\t\t\n<tr>\n\t\t<td width=\"18%\" valign=\"top\"><p style=\"color:#26348B; font-weight: bold;\">18.30 h<\/p><\/td>\n\t\t<td width=\"82%\" valign=\"top\"><p style=\"color:#26348B; text-transform: uppercase; font-weight: bold;\">PAUSA-CAF\u00c9<\/p>\n<\/td>\n<\/tr>\t\t\n<tr>\n\t\t<td width=\"18%\" valign=\"top\"><p style=\"color:#26348B; font-weight: bold;\">19.00 h<\/p><\/td>\n\t\t<td width=\"82%\" valign=\"top\"><p style=\"color:#26348B; text-transform: uppercase; font-weight: bold;\">MESA DEBATE<br \/>\u00bfC\u00d3MO MEJORAR EL DIAGNOSTICO? EN BUSCA DEL SERVICIO UNICORNIO<\/p>\n<ul style=\"background-color: #26348B; color: #fff; padding-top: 5px; padding-bottom: 5px;\">\n\t<em>Moderadores:<\/em><br \/><br \/>\n\t<b>Marta L\u00f3pez-Brea.<\/b><br \/>Hospital Universitario Marqu\u00e9s de Valdecilla.<br \/><br \/>\n\t<b>Javier G\u00f3mez Rom\u00e1n.<\/b><br \/>Hospital Universitario Marqu\u00e9s de Valdecilla.\n<\/ul>\n\t\t\t\n\t\t\t<ul><span style=\"color:#26348B\">\n\t\t\t\tPat\u00f3loga:<\/span><br \/>\n\t\t\t\t<b>Dra. Dolores Lozano.<\/b><br \/>Cl\u00ednica Universidad de Navarra.<br \/><br \/>\n\t\t\t\t\n\t\t\t\t<span style=\"color:#26348B\">\n\t\t\t\tOnc\u00f3loga:<\/span><br \/>\n\t\t\t\t<b>Dra. M\u00aa \u00c1ngeles Sala.<\/b><br \/>Hospital Universitario Basurto.<br \/><br \/>\n\t\t\t\t\n\t\t\t\t<span style=\"color:#26348B\">\n\t\t\t\tFarmac\u00e9utica:<\/span><br \/>\n\t\t\t\t<b>Dra. Beatriz Bern\u00e1rdez.<\/b><br \/>Hospital Cl\u00ednico Universitario de Santiago.<br \/><br \/>\n\t\t\t\t\n\t\t\t\t<span style=\"color:#26348B\">\n\t\t\t\tBi\u00f3logo:<\/span><br \/>\n\t\t\t\t<b>Dr. David Guerrero.<\/b><br \/>Hospital Universitario de Navarra.\n\t\t\t \n\t\t\t<\/ul>\n\t\t\t\n\t\t\tBuscamos servicios capaces de priorizar muestras, diagnosticar adecuadamente, gestionar la calidad e interaccionar con los servicios hospitalarios. El servicio Unicornio\n<\/td>\n<\/tr>\t\n<tr>\n\t\t<td width=\"18%\" valign=\"top\"><p style=\"color:#26348B; font-weight: bold;\">21.15 h<\/p><\/td>\n\t\t<td width=\"82%\" valign=\"top\"><p style=\"color:#26348B; text-transform: uppercase; font-weight: bold;\">CENA REUNI\u00d3N<\/p>\n<\/td>\n<\/tr>\t\n<\/table>\n\n<\/div>\t<\/div>\n            \n            \n            \n            \n            \n        <\/div>\n    <\/li>\n\n\n    \n    <li>\n        <div class=\"uk-panel\">\n\n            \n            \n            \n            \n                        <div class=\"uk-margin\"><div align=\"center\">\n    <table cellspacing=\"20px\" cellpadding=\"10px\" width=\"90%\">\n\t<tr>\n\t\t<td colspan=\"2\" valign=\"top\"><h3 style=\"color:#E01484; text-transform: uppercase\">S\u00c1BADO, 9<br \/>\n\t    marzo 2024<\/h3><\/td>\n\t<\/tr>\t\n<tr>\n\t\t<td width=\"18%\" valign=\"top\"><p style=\"color:#26348B; font-weight: bold;\">09.30 h<\/p><\/td>\n\t\t<td width=\"82%\" valign=\"top\"><p style=\"color:#26348B; text-transform: uppercase; font-weight: bold;\">MESA DEBATE:<br \/>EL ITINERARIO DEL PACIENTE DE C\u00c1NCER DE PULM\u00d3N. DONDE MEJORAR<\/p>\n<ul style=\"background-color: #26348B; color: #fff; padding-top: 5px; padding-bottom: 5px;\">\n\t<em>Moderadores:<\/em><br \/><br \/>\n\t<b>Fernando Arranz.<\/b><br \/>Hospital General Rio Carri\u00f3n.<br \/><br \/>\n\t<b>Ramiro \u00c1lvarez.<\/b><br \/>Hospital Universitario Miguel Servet.\n<\/ul>\n\t\t\t\n\t\t<ul><span style=\"color:#26348B\">\n\t\t\t\tOnc\u00f3loga:<\/span><br \/>\n\t\t\t<b>Dra. Charo Garc\u00eda Campelo.<\/b><br \/>Hospital Universitario de A Coru\u00f1a.<br \/><br \/>\n\t\t\t\n\t\t\t<span style=\"color:#26348B\">\n\t\t\t\tPat\u00f3loga:<\/span><br \/>\n\t\t\t\t<b>Dra. Dolores Lozano.<\/b><br \/>Cl\u00ednica Universidad de Navarra.<br \/><br \/>\n\t\t\t\t\n\t\t\t\t<span style=\"color:#26348B\">\n\t\t\t\tGesti\u00f3n:<\/span><br \/>\n\t\t\t<b>Dr. Oscar Fern\u00e1ndez Torre.<\/b><br \/>Servicio C\u00e1ntabro de Salud.<br \/><br \/>\n\t\t\t\t\n\t\t\t\t<span style=\"color:#26348B\">\n\t\t\t\tFarmacia:<\/span><br \/>\n\t\t\t<b>Dra. Virginia Mart\u00ednez Callejo.<\/b><br \/>Hospital Universitario Marqu\u00e9s de Valdecilla.<br \/><br \/>\n\t\t\t\t\n\t\t\t\t<span style=\"color:#26348B\">\n\t\t\t\tIndustria:<\/span><br \/>\n\t\t\t<b>D. Jose Alonso.<\/b><br \/>Director Unidad Oncol\u00f3gica Pfizer.<br \/><br \/>\n\t\t\t\n\t\t\t<span style=\"color:#26348B\">\n\t\t\t\tPacientes:<\/span><br \/>\n\t\t\t<b>D. Bernard Gaspar.<\/b><br \/>AEACAP\n\t\t\t \n\t\t\t<\/ul>\n\t\t\t\n<\/td>\n<\/tr>\t\t\n<tr>\n\t\t<td width=\"18%\" valign=\"top\"><p style=\"color:#26348B; font-weight: bold;\">10.40 h<\/p><\/td>\n\t\t<td width=\"82%\" valign=\"top\"><p style=\"color:#26348B; text-transform: uppercase; font-weight: bold;\">PAUSA-CAF\u00c9<\/p>\n<\/td>\n<\/tr>\t\t\n<tr>\n\t\t<td width=\"18%\" valign=\"top\"><p style=\"color:#26348B; font-weight: bold;\">11.10 h<\/p><\/td>\n\t\t<td width=\"82%\" valign=\"top\"><p style=\"color:#26348B; text-transform: uppercase; font-weight: bold;\">ACTUALIZACI\u00d3N EN EL TRATAMIENTO DEL CPNM<\/p>\n<ul style=\"background-color: #26348B; color: #fff; padding-top: 5px; padding-bottom: 5px;\">\n\t<em>Moderadores:<\/em><br \/><br \/>\n\t<b>Emilio Esteban.<\/b><br \/>Hospital Universitario Central de Asturias.<br \/><br \/>\n\t<b>Enrique Garc\u00eda Toro.<\/b><br \/>Hospital Universitario de Burgos.\n<\/ul>\n\t\t\t\n\t\t\t<ul><span style=\"color:#26348B\"><em>11.10 | 11.25 h<\/em><br \/>\n\t\t\t\tHasta donde podemos llegar en el tratamiento del ALK (datos diferentes estudios).<\/span><br \/>\n\t\t\t\t<b>Dra. Cristina Bayona.<\/b><br \/>Hospital Universitario de Burgos.<br \/><br \/>\n\t\t\t\t\n\t\t\t\t<span style=\"color:#26348B\"><em>11.25 | 11.40 h<\/em><br \/>\n\t\t\t\t\u00bfExiste el llamado efecto Neuroprotector?<\/span><br \/>\n\t\t\t\t<b>Dra. Eider Azkona.<\/b><br \/>Hospital Universitario de Cruces.<br \/><br \/>\n\t\t\t\t\n\t\t\t\t<span style=\"color:#26348B\"><em>11.40 | 11.55 h<\/em><br \/>\n\t\t\t\tManejo Optimo de Lorlatinib.<\/span><br \/>\n\t\t\t\t<b>Dr. Ernest Nadal.<\/b><br \/>ICO Hospitalet.<br \/><br \/>\n\t\t\t\t\n\t\t\t\t<span style=\"color:#26348B\"><em>11.55 | 12.10 h<\/em><br \/>\n\t\t\t\tNovedades en el tratamiento del C\u00e1ncer de Pulm\u00f3n.<\/span><br \/>\n\t\t\t\t<b>Dr. Luis Le\u00f3n.<\/b><br \/>Hospital Cl\u00ednico Universitario de Santiago.<br \/><br \/>\n\t\t\t\t\n\t\t\t\t<span style=\"color:#26348B\"><em>12.10 | 12.30 h<\/em><br \/>\n\t\t\t\tDiscusi\u00f3n.<\/span>\n\t\t\t \n\t\t\t<\/ul>\n\t\t\t\n<\/td>\n<\/tr>\t\n<tr>\n\t\t<td width=\"18%\" valign=\"top\"><p style=\"color:#26348B; font-weight: bold;\">12.30 h<\/p><\/td>\n\t\t<td width=\"82%\" valign=\"top\"><p style=\"color:#26348B; text-transform: uppercase; font-weight: bold;\">PONENCIA DE CLAUSURA<br \/>ESTADO DEL ARTE 10 A\u00d1OS DESPU\u00c9S<\/p>\n\t\t\t\n\t\t\t<ul style=\"background-color: #26348B; color: #fff; padding-top: 5px; padding-bottom: 5px;\">\n\t<em>Moderador:<\/em><br \/><br \/>\n\t\t\t\t<b>Carlos Garc\u00eda Gir\u00f3n.<\/b><br \/>Hospital Universitario de Burgos.\n<\/ul>\n\t\t\t\n\t\t<ul><span style=\"color:#26348B\">Ponente<\/span><br \/>\n\t\t\t<b>Dr. Javier G\u00f3mez Rom\u00e1n.<\/b><br \/>Hospital Universitario Marqu\u00e9s de Valdecilla.<br \/><br \/>\t\n<\/td>\n<\/tr>\t\n<\/table>\n\n<\/div>\t<\/div>\n            \n            \n            \n            \n            \n        <\/div>\n    <\/li>\n\n<\/ul>\n\n    \n<\/div>\n\n\r\n\r\n<h3 style=\"color:#E01484; text-transform: uppercase\">SEDE<\/h3>\r\n\r\n\r\n<iframe src=\"https:\/\/www.google.com\/maps\/embed?pb=!1m18!1m12!1m3!1d2895.586759018317!2d-3.7688717233702294!3d43.46922382111149!2m3!1f0!2f0!3f0!3m2!1i1024!2i768!4f13.1!3m3!1m2!1s0xd494b1833ea3319%3A0xb3b371589feef001!2sPalacio%20de%20la%20Magdalena!5e0!3m2!1ses!2ses!4v1707863872827!5m2!1ses!2ses\" width=\"100%\" height=\"450\" style=\"border:0;\" allowfullscreen=\"\" loading=\"lazy\" referrerpolicy=\"no-referrer-when-downgrade\"><\/iframe>","protected":false},"excerpt":{"rendered":"<p>SEDE<\/p>\n","protected":false},"author":1,"featured_media":0,"parent":0,"menu_order":0,"comment_status":"closed","ping_status":"closed","template":"","meta":{"footnotes":""},"class_list":["post-143","page","type-page","status-publish","hentry"],"_links":{"self":[{"href":"https:\/\/www.fupocan.org\/index.php?rest_route=\/wp\/v2\/pages\/143","targetHints":{"allow":["GET"]}}],"collection":[{"href":"https:\/\/www.fupocan.org\/index.php?rest_route=\/wp\/v2\/pages"}],"about":[{"href":"https:\/\/www.fupocan.org\/index.php?rest_route=\/wp\/v2\/types\/page"}],"author":[{"embeddable":true,"href":"https:\/\/www.fupocan.org\/index.php?rest_route=\/wp\/v2\/users\/1"}],"replies":[{"embeddable":true,"href":"https:\/\/www.fupocan.org\/index.php?rest_route=%2Fwp%2Fv2%2Fcomments&post=143"}],"version-history":[{"count":3,"href":"https:\/\/www.fupocan.org\/index.php?rest_route=\/wp\/v2\/pages\/143\/revisions"}],"predecessor-version":[{"id":147,"href":"https:\/\/www.fupocan.org\/index.php?rest_route=\/wp\/v2\/pages\/143\/revisions\/147"}],"wp:attachment":[{"href":"https:\/\/www.fupocan.org\/index.php?rest_route=%2Fwp%2Fv2%2Fmedia&parent=143"}],"curies":[{"name":"wp","href":"https:\/\/api.w.org\/{rel}","templated":true}]}}