{"id":155,"date":"2024-11-22T09:55:14","date_gmt":"2024-11-22T08:55:14","guid":{"rendered":"https:\/\/www.fupocan.org\/?page_id=155"},"modified":"2024-11-22T11:54:22","modified_gmt":"2024-11-22T10:54:22","slug":"clasificacion-de-variantes-complejas","status":"publish","type":"page","link":"https:\/\/www.fupocan.org\/?page_id=155","title":{"rendered":"Clasificaci\u00f3n de Variantes Complejas"},"content":{"rendered":"<h1 style=\"color:#E01484; text-transform: uppercase\">Clasificaci\u00f3n<br \/>de Variantes Complejas<\/h1>\r\n\r\n<p>Presentamos la I Jornada de Clasificaci\u00f3n de Variantes Complejas que se celebrar\u00e1 los d\u00edas 17 y 18 de diciembre de 2024.<\/p>\r\n<p>La formaci\u00f3n ser\u00e1 la misma en ambos d\u00edas, pero se repite para que pueda asistir m\u00e1s gente y los grupos sean m\u00e1s reducidos, permitiendo una experiencia m\u00e1s cercana y personalizada. Te pedimos que nos indiques qu\u00e9 d\u00eda tienes disponibilidad para asistir, y si puedes ambos d\u00edas, mejor, para que podamos ser m\u00e1s flexibles y organizar mejor los grupos.<\/p>\r\n<p>Dado que las plazas son limitadas, los organizadores se encargar\u00e1n de seleccionar a los asistentes. Por favor, confirma tu inter\u00e9s en participar antes del 10 de noviembre de 2024. Si eres seleccionado, te pediremos que nos env\u00edes una variante compleja con la que te hayas encontrado en tu trabajo para analizarla durante la jornada.<\/p>\r\n<p><em>\u00a1Esperamos verte all\u00ed! Si tienes cualquier duda o necesitas m\u00e1s informaci\u00f3n, no dudes en ponerte en contacto con nosotros.<\/em><\/p>\r\n<b>Javier Freire<\/b> y <b>Michele Biscuola<\/b>\r\n\r\n<h2 style=\"color:#E01484; text-transform: uppercase\">PROGRAMA<\/h2>\r\n\r\n<div align=\"center\">\r\n    <table cellspacing=\"20px\" cellpadding=\"10px\" width=\"90%\">\r\n\t<tr>\r\n\t\t<td colspan=\"2\" valign=\"top\"><h3 style=\"color:#E01484; text-transform: uppercase\">MARTES, 17 \/ MI\u00c9RCOLES, 18<br \/>\r\n\t    diciembre 2024<\/h3><\/td>\r\n\t<\/tr>\t\r\n\t<tr>\r\n\t\t<td width=\"18%\" valign=\"top\"><p style=\"color:#26348B; font-weight: bold;\">11.00 h<\/p><\/td>\r\n\t\t<td width=\"82%\" valign=\"top\"><p style=\"color:#26348B; text-transform: uppercase; font-weight: bold;\">Bienvenida<\/p>\r\n      <\/td>\r\n<\/tr>\r\n<tr>\r\n\t\t<td width=\"18%\" valign=\"top\"><p style=\"color:#26348B; font-weight: bold;\">11.10 h<\/p><\/td>\r\n\t\t<td width=\"82%\" valign=\"top\"><p style=\"color:#26348B; text-transform: uppercase; font-weight: bold;\">Revisi\u00f3n de sistemas de clasificaci\u00f3n<\/p>\r\n<ul style=\"background-color: #26348B; color: #fff; padding-top: 5px; padding-bottom: 5px;\">\r\n\t<b>Michele Biscuola<\/b><br \/>Anatom\u00eda Patol\u00f3gica, Virgen del Roc\u00edo\r\n<\/ul>\r\n<\/td>\r\n<\/tr>\t\t\r\n<tr>\r\n\t\t<td width=\"18%\" valign=\"top\"><p style=\"color:#26348B; font-weight: bold;\">11.40 h<\/p><\/td>\r\n\t\t<td width=\"82%\" valign=\"top\"><p style=\"color:#26348B; text-transform: uppercase; font-weight: bold;\">Revisi\u00f3n de predictores<\/p>\r\n<ul style=\"background-color: #26348B; color: #fff; padding-top: 5px; padding-bottom: 5px;\">\r\n\t<b>Gorka Alkorta<\/b><br \/>Anatom\u00eda Patol\u00f3gica, Cl\u00ednica Universidad de Navarra\r\n<\/ul>\r\n<\/td>\r\n<\/tr>\t\t\r\n<tr>\r\n\t\t<td width=\"18%\" valign=\"top\"><p style=\"color:#26348B; font-weight: bold;\">12.10 h<\/p><\/td>\r\n\t\t<td width=\"82%\" valign=\"top\"><p style=\"color:#26348B; text-transform: uppercase; font-weight: bold;\">Revisi\u00f3n de funcionalidad proteica<\/p>\r\n<ul style=\"background-color: #26348B; color: #fff; padding-top: 5px; padding-bottom: 5px;\">\r\n\t<b>Jos\u00e9 Antonio L\u00f3pez-Guerrero<\/b><br \/>Laboratorio de Biolog\u00eda Molecular, IVO\r\n<\/ul>\r\n<\/td>\r\n<\/tr>\t\r\n<tr>\r\n\t\t<td width=\"18%\" valign=\"top\"><p style=\"color:#26348B; font-weight: bold;\">12.40 h<\/p><\/td>\r\n\t\t<td width=\"82%\" valign=\"top\"><p style=\"color:#26348B; text-transform: uppercase; font-weight: bold;\">Ayuda en la clasificaci\u00f3n<\/p>\r\n<ul style=\"background-color: #26348B; color: #fff; padding-top: 5px; padding-bottom: 5px;\">\r\n\t<b>Simposio comercial<\/b>\r\n<\/ul>\r\n<\/td>\r\n<\/tr>\t\r\n<tr>\r\n\t\t<td width=\"18%\" valign=\"top\"><p style=\"color:#26348B; font-weight: bold;\">13.30 h<\/p><\/td>\r\n\t\t<td width=\"82%\" valign=\"top\"><p style=\"color:#26348B; text-transform: uppercase; font-weight: bold;\">Comida<\/p>\r\n<\/td>\r\n<\/tr>\t\r\n<tr>\r\n\t\t<td width=\"18%\" valign=\"top\"><p style=\"color:#26348B; font-weight: bold;\">14.30 h<\/p><\/td>\r\n\t\t<td width=\"82%\" valign=\"top\"><p style=\"color:#26348B; text-transform: uppercase; font-weight: bold;\">Revisi\u00f3n de casos<\/p>\r\n<ul style=\"background-color: #26348B; color: #fff; padding-top: 5px; padding-bottom: 5px;\">\r\n\t<b>8 casos (selecci\u00f3n de los aportados)<\/b>\r\n<\/ul>\r\n<\/td>\r\n<\/tr>\t\r\n<tr>\r\n\t\t<td width=\"18%\" valign=\"top\"><p style=\"color:#26348B; font-weight: bold;\">18.00 h<\/p><\/td>\r\n\t\t<td width=\"82%\" valign=\"top\"><p style=\"color:#26348B; text-transform: uppercase; font-weight: bold;\">Despedida y cierre<\/p>\r\n<\/td>\r\n<\/tr>\r\n<\/table>\r\n\r\n<\/div>\t\r\n\r\n<h3 style=\"color:#E01484; text-transform: uppercase\">SEDE<\/h3>\r\n\r\n<iframe src=\"https:\/\/www.google.com\/maps\/embed?pb=!1m18!1m12!1m3!1d3038.337750720182!2d-3.6896530235042806!3d40.40136797144198!2m3!1f0!2f0!3f0!3m2!1i1024!2i768!4f13.1!3m3!1m2!1s0xd42263c998628e5%3A0x76362b4a7b45447e!2sRafaelhoteles%20Atocha!5e0!3m2!1ses!2ses!4v1732265831220!5m2!1ses!2ses\" width=\"100%\" height=\"450\" style=\"border:0;\" allowfullscreen=\"\" loading=\"lazy\" referrerpolicy=\"no-referrer-when-downgrade\"><\/iframe>\r\n\r\n<br \/><br \/>\r\n<a href=\"https:\/\/www.fupocan.org\/wp-content\/uploads\/PROGRAMA-CLASIFICACION-DE-VARIANTES-COMPLEJAS.pdf\"><h3 style=\"color:#E01484; text-transform: uppercase\">Programa en pdf<\/h3>\r\n\r\n<img decoding=\"async\" src=\"https:\/\/www.fupocan.org\/wp-content\/uploads\/favicon.png\" \/><\/a>","protected":false},"excerpt":{"rendered":"<p>Clasificaci\u00f3nde Variantes Complejas Presentamos la I Jornada de Clasificaci\u00f3n de Variantes Complejas que se celebrar\u00e1 los d\u00edas 17 y 18 de diciembre de 2024. La formaci\u00f3n ser\u00e1 la misma en ambos d\u00edas, pero se repite para que pueda asistir m\u00e1s gente y los grupos sean m\u00e1s reducidos, permitiendo una experiencia m\u00e1s cercana y personalizada. Te [&hellip;]<\/p>\n","protected":false},"author":1,"featured_media":0,"parent":0,"menu_order":0,"comment_status":"closed","ping_status":"closed","template":"","meta":{"footnotes":""},"class_list":["post-155","page","type-page","status-publish","hentry"],"_links":{"self":[{"href":"https:\/\/www.fupocan.org\/index.php?rest_route=\/wp\/v2\/pages\/155","targetHints":{"allow":["GET"]}}],"collection":[{"href":"https:\/\/www.fupocan.org\/index.php?rest_route=\/wp\/v2\/pages"}],"about":[{"href":"https:\/\/www.fupocan.org\/index.php?rest_route=\/wp\/v2\/types\/page"}],"author":[{"embeddable":true,"href":"https:\/\/www.fupocan.org\/index.php?rest_route=\/wp\/v2\/users\/1"}],"replies":[{"embeddable":true,"href":"https:\/\/www.fupocan.org\/index.php?rest_route=%2Fwp%2Fv2%2Fcomments&post=155"}],"version-history":[{"count":20,"href":"https:\/\/www.fupocan.org\/index.php?rest_route=\/wp\/v2\/pages\/155\/revisions"}],"predecessor-version":[{"id":180,"href":"https:\/\/www.fupocan.org\/index.php?rest_route=\/wp\/v2\/pages\/155\/revisions\/180"}],"wp:attachment":[{"href":"https:\/\/www.fupocan.org\/index.php?rest_route=%2Fwp%2Fv2%2Fmedia&parent=155"}],"curies":[{"name":"wp","href":"https:\/\/api.w.org\/{rel}","templated":true}]}}