{"id":211,"date":"2025-02-19T17:24:18","date_gmt":"2025-02-19T16:24:18","guid":{"rendered":"https:\/\/www.fupocan.org\/?page_id=211"},"modified":"2025-02-19T19:08:03","modified_gmt":"2025-02-19T18:08:03","slug":"xi-reunion-de-especialistas-en-diagnostico-y-tratamiento-del-cancer-de-pulmon","status":"publish","type":"page","link":"https:\/\/www.fupocan.org\/?page_id=211","title":{"rendered":"XI REUNI\u00d3N DE ESPECIALISTAS EN DIAGN\u00d3STICO Y TRATAMIENTO DEL C\u00c1NCER DE PULM\u00d3N"},"content":{"rendered":"\n\n<div>\n\n        \n\n<ul class=\"uk-subnav uk-subnav-pill uk-flex-center\" data-uk-switcher=\"{connect:'#wk-f23'}\">\n        <li><a href=\"\">Viernes, 4 de Abril de 2025<\/a><\/li>\n        <li><a href=\"\">S\u00e1bado, 5 de Abril de 2025<\/a><\/li>\n<\/ul>\n\n    \n    \n<ul id=\"wk-f23\" class=\"uk-switcher uk-text-left uk-margin-top\" data-uk-check-display>\n\n    \n    <li>\n        <div class=\"uk-panel\">\n\n            \n            \n            \n            \n                        <div class=\"uk-margin\"><div align=\"center\">\n    <table cellspacing=\"20px\" cellpadding=\"10px\" width=\"90%\">\n\t<tr>\n\t\t<td colspan=\"2\" valign=\"top\"><h3 style=\"color:#E01484; text-transform: uppercase\">VIERNES, 4<br \/>\n\t    abril 2025<\/h3><\/td>\n\t<\/tr>\t\n\t<tr>\n\t\t<td width=\"18%\" valign=\"top\"><p style=\"color:#26348B; font-weight: bold;\">16.30 h<\/p><\/td>\n\t\t<td width=\"82%\" valign=\"top\"><p style=\"color:#26348B; text-transform: uppercase; font-weight: bold;\">Presentaci\u00f3n y bienvenida<\/p>\n      <\/td>\n<\/tr>\n<tr>\n\t\t<td width=\"18%\" valign=\"top\"><p style=\"color:#26348B; font-weight: bold;\">16.45 h<\/p><\/td>\n\t\t<td width=\"82%\" valign=\"top\"><p style=\"color:#26348B; text-transform: uppercase; font-weight: bold;\">\u00bfCOMO MEJORAR EL DIAGNOSTICO? PORQUE NO TODAS LAS MUTACIONES SON IGUALES.<\/p>\n<ul style=\"background-color: #26348B; color: #fff; padding-top: 5px; padding-bottom: 5px;\">\n\t<em>Moderadores:<\/em><br \/><br \/>\n    <b>Dra. Beatriz Bellosillo y Dr. Alfonso Martin Carnicero<\/b>\n<\/ul>\n\t\t\t\n\t\t\t<ul><span style=\"color:#26348B\"><em>16.45 h<\/em> En su Base (Bases Biol\u00f3gicas de reordenamientos).<\/span> <b>Dr. Javier Freire.<\/b><br \/><br \/>\n\t\t\t\t\n\t\t\t\t<span style=\"color:#26348B\"><em>17.00 h<\/em> En el manejo de las muestras (preanal\u00edtica).<\/span> <b>Dr. David Guerrero.<\/b><br \/><br \/>\n\t\t\t\t\n\t\t\t\t<span style=\"color:#26348B\"><em>17.15 h<\/em> En la prueba requerida (DNA-RNA).<\/span> <b>Dr. Ihab Abdulkader.<\/b><br \/><br \/>\n\t\t\t\t\n\t\t\t\t<span style=\"color:#26348B\"><em>17.30 h<\/em> En la acreditaci\u00f3n de laboratorios.<\/span> <b>Dr. Michele Biscuola.<\/b><br \/><br \/>\n\t\t\t\t\n\t\t\t\t<span style=\"color:#26348B\"><em>17.45 h<\/em> Discusi\u00f3n<\/span>\n\t\t\t \n\t\t\t<\/ul>\n<\/td>\n<\/tr>\t\t\n<tr>\n\t\t<td width=\"18%\" valign=\"top\"><p style=\"color:#26348B; font-weight: bold;\">18.00 h<\/p><\/td>\n\t\t<td width=\"82%\" valign=\"top\"><p style=\"color:#26348B; text-transform: uppercase; font-weight: bold;\">PAUSA-CAF\u00c9<\/p>\n<\/td>\n<\/tr>\t\t\n<tr>\n\t\t<td width=\"18%\" valign=\"top\"><p style=\"color:#26348B; font-weight: bold;\">18.30 h<\/p><\/td>\n\t\t<td width=\"82%\" valign=\"top\"><p style=\"color:#26348B; text-transform: uppercase; font-weight: bold;\">MESA DEBATE 1<br \/>EL FOCO EN EL DIAGN\u00d3STICO. EL ITINERARIO DEL PACIENTE.<\/p>\n<ul style=\"background-color: #26348B; color: #fff; padding-top: 5px; padding-bottom: 5px;\">\n\t<em>Moderadores:<\/em><br \/><br \/>\n    <b>Dr. Javier Gomez y Dra. Marta Lopez-Brea<\/b>\n<\/ul>\n\t\t\t\n\t\t\t<ul><span style=\"color:#26348B\">\n\t\t\t\tPat\u00f3loga:<\/span> <b>Dr. Miguel Ar\u00e1n.<\/b><br \/><br \/>\n\t\t\t\t\n\t\t\t\t<span style=\"color:#26348B\">\n\t\t\t\tBi\u00f3logo:<\/span> <b>Dra. Erika Castro.<\/b><br \/><br \/>\n\t\t\t\t\n\t\t\t\t<span style=\"color:#26348B\">\n\t\t\t\tOnc\u00f3logo:<\/span> <b>Dr. Luis Le\u00f3n.<\/b><br \/><br \/>\n\t\t\t \n\t\t\t<\/ul>\n\t\t\t\n\t\t\tDesarrollar mediante un caso pr\u00e1ctico todos los retos y las decisiones a las que se enfrentan en el d\u00eda a d\u00eda Bi\u00f3logos, pat\u00f3logos y Onc\u00f3logos y que herramientas utilizan para avanzar\u2026\n<\/td>\n<\/tr>\t\n<tr>\n\t\t<td width=\"18%\" valign=\"top\"><p style=\"color:#26348B; font-weight: bold;\">20.00 h<\/p><\/td>\n\t\t<td width=\"82%\" valign=\"top\"><p style=\"color:#26348B; text-transform: uppercase; font-weight: bold;\">FIN DE LA JORNADA<\/p>\n<\/td>\n<\/tr>\t\n<\/table>\n\n<\/div>\t<\/div>\n            \n            \n            \n            \n            \n        <\/div>\n    <\/li>\n\n\n    \n    <li>\n        <div class=\"uk-panel\">\n\n            \n            \n            \n            \n                        <div class=\"uk-margin\"><div align=\"center\">\n    <table cellspacing=\"20px\" cellpadding=\"10px\" width=\"90%\">\n\t<tr>\n\t\t<td colspan=\"2\" valign=\"top\"><h3 style=\"color:#E01484; text-transform: uppercase\">S\u00c1BADO, 5<br \/>\n\t    abril 2025<\/h3><\/td>\n\t<\/tr>\t\n<tr>\n\t\t<td width=\"18%\" valign=\"top\"><p style=\"color:#26348B; font-weight: bold;\">09.30 h<\/p><\/td>\n\t\t<td width=\"82%\" valign=\"top\"><p style=\"color:#26348B; text-transform: uppercase; font-weight: bold;\">MESA DEBATE 2<br \/>MEDICINA DE PRECISION Y EUROPA.\u00bfSOMOS CAPACES DE ADAPTARNOS?<\/p>\n<ul style=\"background-color: #26348B; color: #fff; padding-top: 5px; padding-bottom: 5px;\">\n\t<em>Moderadores:<\/em><br \/><br \/>\n    <b>Dr. Fernando Rivera y Dr. Fernando Arranz<\/b>\n<\/ul>\n\t\t\t\n\t\t<ul><span style=\"color:#26348B\">\n\t\t\t\tOnc\u00f3loga:<\/span> <b>Dra. Charo Garc\u00eda Campelo.<\/b><br \/><br \/>\n\t\t\t\n\t\t\t<span style=\"color:#26348B\">\n\t\t\t\tPat\u00f3loga:<\/span> <b>Dra. Dolores Lozano.<\/b><br \/><br \/>\n\t\t\t\t\n\t\t\t\t<span style=\"color:#26348B\">\n\t\t\t\tBi\u00f3loga:<\/span> <b>Dra. Beatriz Bellosillo.<\/b><br \/><br \/>\n\t\t\t\t\n\t\t\t\t<span style=\"color:#26348B\">\n\t\t\t\tGesti\u00f3n:<\/span> <b>Dr. Pablo Serrano.<\/b><br \/><br \/>\n\t\t\t\t\n\t\t\t\t<span style=\"color:#26348B\">\n\t\t\t\tFarmacia:<\/span> <b>Dra. Virginia Martinez Callejo.<\/b><br \/><br \/>\n\t\t\t\n\t\t\t    <span style=\"color:#26348B\">\n\t\t\t\tIndustria:<\/span> <b>D. Jose Alonso.<\/b><br \/><br \/>\n            \n                <span style=\"color:#26348B\">\n\t\t\t\tPacientes:<\/span> <b>D. Bernard Gaspar.<\/b><br \/><br \/>\n\t\t\t \n\t\t\t<\/ul>\n\t\t\t\n<\/td>\n<\/tr>\t\t\n<tr>\n\t\t<td width=\"18%\" valign=\"top\"><p style=\"color:#26348B; font-weight: bold;\">10.50 h<\/p><\/td>\n\t\t<td width=\"82%\" valign=\"top\"><p style=\"color:#26348B; text-transform: uppercase; font-weight: bold;\">PAUSA-CAF\u00c9<\/p>\n<\/td>\n<\/tr>\t\t\n<tr>\n\t\t<td width=\"18%\" valign=\"top\"><p style=\"color:#26348B; font-weight: bold;\">11.20 h<\/p><\/td>\n\t\t<td width=\"82%\" valign=\"top\"><p style=\"color:#26348B; text-transform: uppercase; font-weight: bold;\">OBJETIVO LARGOS SUPERVIVIENTES CPNM ALK Y ROS<\/p>\n<ul style=\"background-color: #26348B; color: #fff; padding-top: 5px; padding-bottom: 5px;\">\n\t<em>Moderadores:<\/em><br \/><br \/>\n    <b>Dr. Emilio Esteban y Dra. Beatriz Bern\u00e1rdez.<\/b>\n<\/ul>\n\t\t\t\n\t\t\t<ul><span style=\"color:#26348B\"><em>11.20 h<\/em><br \/>\n\t\t\t\tFrente a los peores escenarios tambi\u00e9n se puede.<\/span><br \/>\n\t\t\t\t<b>Dra. Cristina Bayona.<\/b><br \/><br \/>\n\t\t\t\t\n\t\t\t\t<span style=\"color:#26348B\"><em>11.40 h<\/em><br \/>\n\t\t\t\tPerfiles de seguridad predecibles en el tiempo.<\/span><br \/>\n\t\t\t\t<b>Dra. Eider Azkona.<\/b><br \/><br \/>\n\t\t\t\t\n\t\t\t\t<span style=\"color:#26348B\"><em>12.00 h<\/em><br \/>\n\t\t\t\tEl reto de los largos supervivientes.<\/span><br \/>\n\t\t\t\t<b>Dr. Ernest Nadal.<\/b><br \/><br \/>\n\t\t\t\t\n\t\t\t\t<span style=\"color:#26348B\"><em>12.30 h<\/em><br \/>\n\t\t\t\tDiscusi\u00f3n.<\/span>\n\t\t\t \n\t\t\t<\/ul>\n\t\t\t\n<\/td>\n<\/tr>\t\n<tr>\n\t\t<td width=\"18%\" valign=\"top\"><p style=\"color:#26348B; font-weight: bold;\">12.50 h<\/p><\/td>\n\t\t<td width=\"82%\" valign=\"top\"><p style=\"color:#26348B; text-transform: uppercase; font-weight: bold;\">PONENCIA DE CLAUSURA<br \/>BREVE HISTORIA DEL C\u00c1NCER DE PULM\u00d3N<\/p>\n\t\t\t\n\t\t\t<ul style=\"background-color: #26348B; color: #fff; padding-top: 5px; padding-bottom: 5px;\">\n\t<em>Moderador:<\/em><br \/><br \/>\n\t\t\t\t<b>Dr. Javier Gomez Roman.<\/b>\n<\/ul>\n\t\t\t\n\t\t<ul><span style=\"color:#26348B\">Ponente<\/span><br \/>\n\t\t\t<b>Dr. Carlos Garc\u00eda Gir\u00f3n.<\/b>\n            <\/ul>\n<\/td>\n<\/tr>\t\n<tr>\n\t\t<td width=\"18%\" valign=\"top\"><p style=\"color:#26348B; font-weight: bold;\">13.30 h<\/p><\/td>\n\t\t<td width=\"82%\" valign=\"top\"><p style=\"color:#26348B; text-transform: uppercase; font-weight: bold;\">FIN DE LA JORNADA.<\/p>\n<\/td>\n<\/tr>\t\n<\/table>\n\n<\/div>\t<\/div>\n            \n            \n            \n            \n            \n        <\/div>\n    <\/li>\n\n<\/ul>\n\n    \n<\/div>\n\n\r\n\r\n<h3 style=\"color:#E01484; text-transform: uppercase\">SEDE<\/h3>\r\n\r\n\r\n<iframe src=\"https:\/\/www.google.com\/maps\/embed?pb=!1m18!1m12!1m3!1d2895.586759018317!2d-3.7688717233702294!3d43.46922382111149!2m3!1f0!2f0!3f0!3m2!1i1024!2i768!4f13.1!3m3!1m2!1s0xd494b1833ea3319%3A0xb3b371589feef001!2sPalacio%20de%20la%20Magdalena!5e0!3m2!1ses!2ses!4v1707863872827!5m2!1ses!2ses\" width=\"100%\" height=\"450\" style=\"border:0;\" allowfullscreen=\"\" loading=\"lazy\" referrerpolicy=\"no-referrer-when-downgrade\"><\/iframe>\r\n\r\n<br \/><br \/>\r\n<a href=\"https:\/\/www.fupocan.org\/wp-content\/uploads\/PROGRAMA-XI-REUNION-DE-ESPECIALISTAS-EN-EL-DIAGNOSTICO-Y-TRATAMEINTO-DEL-CANCER-DE-PULMON.pdf\"><h3 style=\"color:#E01484; text-transform: uppercase\">Programa en pdf<\/h3>\r\n\r\n<img decoding=\"async\" src=\"https:\/\/www.fupocan.org\/wp-content\/uploads\/favicon.png\" \/><\/a>","protected":false},"excerpt":{"rendered":"<p>SEDE Programa en pdf<\/p>\n","protected":false},"author":1,"featured_media":0,"parent":0,"menu_order":0,"comment_status":"closed","ping_status":"closed","template":"","meta":{"footnotes":""},"class_list":["post-211","page","type-page","status-publish","hentry"],"_links":{"self":[{"href":"https:\/\/www.fupocan.org\/index.php?rest_route=\/wp\/v2\/pages\/211","targetHints":{"allow":["GET"]}}],"collection":[{"href":"https:\/\/www.fupocan.org\/index.php?rest_route=\/wp\/v2\/pages"}],"about":[{"href":"https:\/\/www.fupocan.org\/index.php?rest_route=\/wp\/v2\/types\/page"}],"author":[{"embeddable":true,"href":"https:\/\/www.fupocan.org\/index.php?rest_route=\/wp\/v2\/users\/1"}],"replies":[{"embeddable":true,"href":"https:\/\/www.fupocan.org\/index.php?rest_route=%2Fwp%2Fv2%2Fcomments&post=211"}],"version-history":[{"count":3,"href":"https:\/\/www.fupocan.org\/index.php?rest_route=\/wp\/v2\/pages\/211\/revisions"}],"predecessor-version":[{"id":215,"href":"https:\/\/www.fupocan.org\/index.php?rest_route=\/wp\/v2\/pages\/211\/revisions\/215"}],"wp:attachment":[{"href":"https:\/\/www.fupocan.org\/index.php?rest_route=%2Fwp%2Fv2%2Fmedia&parent=211"}],"curies":[{"name":"wp","href":"https:\/\/api.w.org\/{rel}","templated":true}]}}