{"id":219,"date":"2025-04-09T17:10:28","date_gmt":"2025-04-09T16:10:28","guid":{"rendered":"https:\/\/www.fupocan.org\/?page_id=219"},"modified":"2025-04-24T11:09:52","modified_gmt":"2025-04-24T10:09:52","slug":"ii-edicion-debates-en-oncologia","status":"publish","type":"page","link":"https:\/\/www.fupocan.org\/?page_id=219","title":{"rendered":"II EDICI\u00d3N DEBATES EN ONCOLOG\u00cdA"},"content":{"rendered":"<img decoding=\"async\" src=\"https:\/\/www.fupocan.org\/wp-content\/uploads\/cabecera_debates_oncologia.png\" alt=\"\" width=\"100%\" \/>\r\n\r\n<div align=\"center\">\r\n    <table cellspacing=\"20px\" cellpadding=\"10px\" width=\"90%\">\r\n        <tr>\r\n            <td colspan=\"2\" valign=\"top\">\r\n                <h3 style=\"color:#E01484; text-transform: uppercase\">JUEVES, 29<br \/>mayo 2025<\/h3>\r\n                <p style=\"color:#26348B; font-weight: bold;\">Gran Hotel Sardinero****<br \/>Plaza de Italia 1, 39001 Santander<\/p>\r\n            <\/td>\r\n        <\/tr>\t\r\n        <tr>\r\n            <td width=\"18%\" valign=\"top\">\r\n                <p style=\"color:#26348B; font-weight: bold;\">16.45 h<\/p>\r\n            <\/td>\r\n            <td width=\"82%\" valign=\"top\">\r\n                <p style=\"color:#26348B; text-transform: uppercase; font-weight: bold;\">Bienvenida<\/p>\r\n                <b>Dr. Fernando Rivera Herrero.<\/b><br \/>Hospital Universitario Marqu\u00e9s de Valdecilla<\/td>\r\n<\/tr>\r\n        <tr>\r\n            <td width=\"18%\" valign=\"top\">\r\n                <p style=\"color:#26348B; font-weight: bold;\">17.00 h<\/p>\r\n            <\/td>\r\n            <td width=\"82%\" valign=\"top\">\r\n                <p style=\"color:#26348B; text-transform: uppercase; font-weight: bold;\">MESA 1: TUMORES NO COLORRECTAL<\/p>\r\n                <ul>\r\n                    <span style=\"color:#26348B\"><em>Moderador:<\/em><\/span><br \/>\r\n                    <b>Paula Jim\u00e9nez Fonseca.<\/b><br \/>Hospital Universitario Central de Asturias<br \/><br \/>\r\n                    \r\n                    <span style=\"color:#26348B\"><em>Participantes:<\/em><\/span><br \/>\r\n                    <b>Borja L\u00f3pez de San Vicente.<\/b><br \/>Hospital Universitario de Basurto<br \/>\r\n                    <b>Eva Mart\u00ednez de Castro.<\/b><br \/>Hospital Universitario Marqu\u00e9s de Valdecilla<br \/>\r\n                    <b>Fernando Garicano Goldaraz.<\/b><br \/>Hospital Universitario Galdakao &#8211; Usansolo\r\n<\/ul><\/td>\r\n<\/tr>\r\n<tr>\r\n            <td width=\"18%\" valign=\"top\">\r\n                <p style=\"color:#26348B; font-weight: bold;\">17.55 h<\/p>\r\n            <\/td>\r\n            <td width=\"82%\" valign=\"top\">\r\n                <p style=\"color:#26348B; text-transform: uppercase; font-weight: bold;\">MESA 2: TUMORES COLORRECTAL<\/p>\r\n                    <span style=\"color:#26348B\"><em>Moderador:<\/em><\/span><br \/>\r\n                    <b>Alberto Mu\u00f1oz Llarena.<\/b><br \/>Hospital Universitario de Cruces<br \/><br \/>\r\n                    \r\n                    <span style=\"color:#26348B\"><em>Participantes:<\/em><\/span><br \/>\r\n                    <b>Carlos L\u00f3pez L\u00f3pez.<\/b><br \/>Hospital Universitario Marqu\u00e9s de Valdecilla<br \/>\r\n                    <b>Alfredo Castillo Trujillo.<\/b><br \/>Hospital Universitario Central de Asturias<br \/>\r\n                    <b>Maialen Barrero I\u00f1iguez.<\/b><br \/>UGC de Oncolog\u00eda de Gipuzkoa<\/ul>\r\n<\/td>\r\n<\/tr>\r\n<tr>\r\n            <td width=\"18%\" valign=\"top\">\r\n                <p style=\"color:#26348B; font-weight: bold;\">18.50 h<\/p>\r\n            <\/td>\r\n            <td width=\"82%\" valign=\"top\">\r\n                <p style=\"color:#26348B; text-transform: uppercase; font-weight: bold;\">MESA 3: ENTREVISTA CON EXPERTO EN IA &#8211; ALEXANDRO AISA CASTILLO<\/p>\r\n                    <span style=\"color:#26348B\"><em>Moderador:<\/em><\/span><br \/>\r\n                    <b>Javier G\u00f3mez Rom\u00e1n.<\/b><br \/>Hospital Universitario Marqu\u00e9s de Valdecilla<br \/><br \/>\r\n\r\n                    <span style=\"color:#26348B\"><em>Participantes:<\/em><\/span><br \/>\r\n                    <b>Alexandro Aisa Castillo.<\/b><br \/>Hospital Universitario Vall d\u2019Hebron<br \/>\r\n                    <b>Fernando Rivera Herrero.<\/b><br \/>Hospital Universitario Marqu\u00e9s de Valdecilla<br \/>\r\n                    <b>Javier G\u00f3mez Rom\u00e1n.<\/b><br \/>Hospital Universitario Marqu\u00e9s de Valdecilla\r\n                <\/ul>\r\n            <\/td>\r\n        <\/tr>\r\n<tr>\r\n            <td width=\"18%\" valign=\"top\">\r\n                <p style=\"color:#26348B; font-weight: bold;\">19.40 h<\/p>\r\n            <\/td>\r\n            <td width=\"82%\" valign=\"top\">\r\n                <p style=\"color:#26348B; text-transform: uppercase; font-weight: bold;\">Fin de la jornada<\/p>\r\n         <\/td>\r\n<\/tr>\r\n    <\/table>\r\n<\/div>\r\n\r\n\r\n<br \/><br \/>\r\n\r\n<div align=\"center\">\r\n    <table cellspacing=\"20px\" cellpadding=\"10px\" width=\"90%\">\r\n<tr>\r\n<td>\r\n<a href=\"https:\/\/www.fupocan.org\/wp-content\/uploads\/PROGRAMA-II-EDICION-DEBATES-ONCOLOGIA-GI.pdf\"><h3 style=\"color:#E01484; text-transform: uppercase\">Programa en pdf<\/h3>\r\n\r\n<img decoding=\"async\" src=\"https:\/\/www.fupocan.org\/wp-content\/uploads\/favicon.png\" \/><\/a>\r\n<\/td>\r\n<td>\r\n<h3 style=\"color:#E01484; text-transform: uppercase\">Con la colaboraci\u00f3n de<\/h3>\r\n<br \/>\r\n<img decoding=\"async\" src=\"https:\/\/www.fupocan.org\/wp-content\/uploads\/amgen.png\" width=\"100\" \/>\r\n<img decoding=\"async\" src=\"https:\/\/www.fupocan.org\/wp-content\/uploads\/image.png\" width=\"100\" \/>\r\n<img decoding=\"async\" src=\"https:\/\/www.fupocan.org\/wp-content\/uploads\/takeda.png\" width=\"100\" \/>\r\n<\/td>\r\n<td>\r\n<a href=\"https:\/\/forms.gle\/FxWnVUtLeeEQah6v9\"><h3 style=\"color:#E01484; text-transform: uppercase\">Inscripci\u00f3n<\/h3>\r\n<img decoding=\"async\" src=\"https:\/\/www.fupocan.org\/wp-content\/uploads\/favicon.png\" \/><\/a>\r\n\r\n\r\n\r\n<\/td>\r\n\r\n<\/tr>\r\n<\/table>\r\n<\/div>\r\n\r\n\r\n","protected":false},"excerpt":{"rendered":"<p>JUEVES, 29mayo 2025 Gran Hotel Sardinero****Plaza de Italia 1, 39001 Santander 16.45 h Bienvenida Dr. Fernando Rivera Herrero.Hospital Universitario Marqu\u00e9s de Valdecilla 17.00 h MESA 1: TUMORES NO COLORRECTAL Moderador: Paula Jim\u00e9nez Fonseca.Hospital Universitario Central de Asturias Participantes: Borja L\u00f3pez de San Vicente.Hospital Universitario de Basurto Eva Mart\u00ednez de Castro.Hospital Universitario Marqu\u00e9s de Valdecilla Fernando [&hellip;]<\/p>\n","protected":false},"author":1,"featured_media":0,"parent":0,"menu_order":0,"comment_status":"closed","ping_status":"closed","template":"","meta":{"footnotes":""},"class_list":["post-219","page","type-page","status-publish","hentry"],"_links":{"self":[{"href":"https:\/\/www.fupocan.org\/index.php?rest_route=\/wp\/v2\/pages\/219","targetHints":{"allow":["GET"]}}],"collection":[{"href":"https:\/\/www.fupocan.org\/index.php?rest_route=\/wp\/v2\/pages"}],"about":[{"href":"https:\/\/www.fupocan.org\/index.php?rest_route=\/wp\/v2\/types\/page"}],"author":[{"embeddable":true,"href":"https:\/\/www.fupocan.org\/index.php?rest_route=\/wp\/v2\/users\/1"}],"replies":[{"embeddable":true,"href":"https:\/\/www.fupocan.org\/index.php?rest_route=%2Fwp%2Fv2%2Fcomments&post=219"}],"version-history":[{"count":17,"href":"https:\/\/www.fupocan.org\/index.php?rest_route=\/wp\/v2\/pages\/219\/revisions"}],"predecessor-version":[{"id":244,"href":"https:\/\/www.fupocan.org\/index.php?rest_route=\/wp\/v2\/pages\/219\/revisions\/244"}],"wp:attachment":[{"href":"https:\/\/www.fupocan.org\/index.php?rest_route=%2Fwp%2Fv2%2Fmedia&parent=219"}],"curies":[{"name":"wp","href":"https:\/\/api.w.org\/{rel}","templated":true}]}}